{"id":592,"date":"2015-02-15T09:16:32","date_gmt":"2015-02-15T09:16:32","guid":{"rendered":"http:\/\/www.geotechnika.org.pl\/?page_id=592"},"modified":"2024-09-02T18:56:35","modified_gmt":"2024-09-02T16:56:35","slug":"nagrody-pkg","status":"publish","type":"page","link":"https:\/\/www.geotechnika.org.pl\/?page_id=592","title":{"rendered":"Nagrody PKG"},"content":{"rendered":"<hr \/>\n<h2>Nagrody specjalne PKG za najlepsze prace doktorskie<\/h2>\n<h3>Nagroda specjalna PKG im. prof. Eugeniusza Dembickiego za najlepsz\u0105 prac\u0119 doktorsk\u0105 z zakresu geotechniki teoretycznej i stosowanej<\/h3>\n<h4>Kapitu\u0142a Nagrody w kadencji 2021-2024:<\/h4>\n<ul>\n<li>Zbigniew Lechowicz \u2013 przewodnicz\u0105cy<\/li>\n<li>Lech Ba\u0142achowski \u2013 reprezentant Fundatora nagrody<\/li>\n<li>Wojciech Pu\u0142a<\/li>\n<\/ul>\n<h4>Laureaci Nagrody<\/h4>\n<table style=\"border-collapse: collapse; width: 100%;\" border=\"1\">\n<tbody>\n<tr style=\"height: 24px;\">\n<th style=\"width: 14.1678%; height: 24px;\">Rok obrony pracy<\/th>\n<th style=\"width: 22.8479%; height: 24px;\">Imi\u0119 i nazwisko laureata<\/th>\n<th style=\"width: 37.9843%; height: 24px;\">Tytu\u0142 rozprawy doktorskiej<\/th>\n<th style=\"width: 25%; height: 24px;\">Imi\u0119 i nazwisko promotora pracy<\/th>\n<\/tr>\n<tr style=\"height: 48px;\">\n<th style=\"width: 14.1678%; height: 48px;\">2014<\/th>\n<td style=\"width: 22.8479%; height: 48px;\">Katarzyna Gabry\u015b<\/td>\n<td style=\"width: 37.9843%; height: 48px;\">Charakterystyki odkszta\u0142ceniowe wybranych grunt\u00f3w spoistych<\/td>\n<td style=\"width: 25%; height: 48px;\">Alojzy Szyma\u0144ski<\/td>\n<\/tr>\n<tr style=\"height: 72px;\">\n<th style=\"width: 14.1678%; height: 72px;\">2015<\/th>\n<td style=\"width: 22.8479%; height: 72px;\">Andrzej Danilewicz<\/td>\n<td style=\"width: 37.9843%; height: 72px;\">Numeryczna symulacja procesu formowania kolumny kamiennej metod\u0105 wymiany dynamicznej<\/td>\n<td style=\"width: 25%; height: 72px;\">Zbigniew Sikora<\/td>\n<\/tr>\n<tr style=\"height: 80px;\">\n<th style=\"width: 14.1678%; height: 80px;\">2016<\/th>\n<td style=\"width: 22.8479%; height: 80px;\">Maciej J. Ochma\u0144ski<\/td>\n<td style=\"width: 37.9843%; height: 80px;\">Numerical analyses of the effects of tunnels construction\/Analizy numeryczne efekt\u00f3w budowy tuneli<\/td>\n<td style=\"width: 25%; height: 80px;\">Joanna Bz\u00f3wka<br \/>\nGiuseppe Modoni<\/td>\n<\/tr>\n<tr style=\"height: 120px;\">\n<th style=\"width: 14.1678%; height: 120px;\">2017<\/th>\n<td style=\"width: 22.8479%; height: 120px;\">Patrycja Bary\u0142a<\/td>\n<td style=\"width: 37.9843%; height: 120px;\">The sand hydrophobized by alkoxysilane emulsions as an innovative material in geotechnics\/Piasek hydrofobizowany emulsj\u0105 alkoksysilanow\u0105 jako innowacyjny materia\u0142 w geotechnice<\/td>\n<td style=\"width: 25%; height: 120px;\">Marek Lefik<\/td>\n<\/tr>\n<tr style=\"height: 48px;\">\n<th style=\"width: 14.1678%; height: 48px;\">2018<\/th>\n<td style=\"width: 22.8479%; height: 48px;\">Jakub Konkol<\/td>\n<td style=\"width: 37.9843%; height: 48px;\">Numerical analysis of pile installation effects in cohesive soils<\/td>\n<td style=\"width: 25%; height: 48px;\">Lech Ba\u0142achowski<\/td>\n<\/tr>\n<tr style=\"height: 24px;\">\n<th style=\"width: 14.1678%; height: 24px;\">2019<\/th>\n<td style=\"width: 85.8322%; height: 48px; text-align: center;\" colspan=\"3\" rowspan=\"2\">Nagrody nie przyznano<\/td>\n<\/tr>\n<tr style=\"height: 24px;\">\n<th style=\"width: 14.1678%; height: 24px;\">2020<\/th>\n<\/tr>\n<tr style=\"height: 24px;\">\n<th style=\"width: 14.1678%; height: 24px;\">2021<\/th>\n<td style=\"width: 22.8479%; height: 24px;\">Marcin Witowski<\/td>\n<td style=\"width: 37.9843%; height: 24px; text-align: left;\">Ocena sztywno\u015bci wybranych grunt\u00f3w w zakresie ma\u0142ych odkszta\u0142ce\u0144<\/td>\n<td style=\"width: 25%; height: 24px;\">Katarzyna Zabielska-Adamska<\/td>\n<\/tr>\n<tr style=\"height: 24px;\">\n<th style=\"width: 14.1678%; height: 24px;\">2022<\/th>\n<td style=\"width: 22.8479%; height: 24px;\">Katarzyna Staszewska<\/td>\n<td style=\"width: 37.9843%; text-align: left; height: 24px;\">Constitutive description of creep in frozen soils without the explicit time dependence<\/td>\n<td style=\"width: 25%; height: 24px;\">Marcin Cudny<br \/>\nAndrzej Niemunis<\/td>\n<\/tr>\n<tr style=\"height: 24px;\">\n<th style=\"width: 14.1678%; height: 24px;\">2023<\/th>\n<td style=\"width: 22.8479%; height: 24px;\">Urszula Tomczak<\/td>\n<td style=\"width: 37.9843%; text-align: left; height: 24px;\">Wp\u0142yw temperatury na przemieszczenia rozpieranych obud\u00f3w g\u0142\u0119bokich wykop\u00f3w<\/td>\n<td style=\"width: 25%; height: 24px;\">Anna Siemi\u0144ska-Lewandowska<\/td>\n<\/tr>\n<\/tbody>\n<\/table>\n<h3>Nagrody specjalnej PKG im. prof. Zbigniewa M\u0142ynarka za najlepsz\u0105 prac\u0119 doktorsk\u0105 z zakresu badania pod\u0142o\u017ca gruntowego metodami in situ<\/h3>\n<h4>Kapitu\u0142a Nagrody w kadencji 2021-2024:<\/h4>\n<ul>\n<li>prof. Kazimierz Gwizda\u0142a \u2013 przewodnicz\u0105cy<\/li>\n<li>prof. J\u0119drzej Wierzbicki \u2013 reprezentant Fundatora nagrody<\/li>\n<li>prof. Anna Siemi\u0144ska-Lewandowska<\/li>\n<\/ul>\n<h4>Laureaci nagrody<\/h4>\n<table style=\"border-collapse: collapse; width: 100%;\" border=\"1\">\n<tbody>\n<tr>\n<th style=\"width: 25%;\">Rok obrony pracy<\/th>\n<th style=\"width: 25%;\">Imi\u0119 i nazwisko laureata<\/th>\n<th style=\"width: 25%;\">Tytu\u0142 rozprawy doktorskiej<\/th>\n<th style=\"width: 25%;\">Imi\u0119 i nazwisko promotora pracy<\/th>\n<\/tr>\n<tr>\n<th style=\"width: 25%;\">2014<\/th>\n<td style=\"width: 25%;\">Katarzyna Stefaniak<\/td>\n<td style=\"width: 25%;\">Wybrane osady aluwialne jako pod\u0142o\u017ce budowlane i materia\u0142 do budowli ziemnych<\/td>\n<td style=\"width: 25%;\">Zbigniew M\u0142ynarek<\/td>\n<\/tr>\n<tr>\n<th style=\"width: 25%;\">2015<\/th>\n<td style=\"width: 25%;\">Anna M. Juzwa<\/td>\n<td style=\"width: 25%;\">Analiza wsp\u00f3\u0142pracy grupy kolumn iniekcyjnych z pod\u0142o\u017cem gruntowym<\/td>\n<td style=\"width: 25%;\">Joanna Bz\u00f3wka<\/td>\n<\/tr>\n<tr>\n<th style=\"width: 25%;\">2016<\/th>\n<td style=\"width: 25%;\">Pawe\u0142 Wi\u0119c\u0142awski<\/td>\n<td style=\"width: 25%;\">Prognozowanie pracy pali Vibro obci\u0105\u017conych osiowo z wykorzystaniem wynik\u00f3w sondowania CPT<\/td>\n<td style=\"width: 25%;\">Kazimierz Gwizda\u0142a<\/td>\n<\/tr>\n<tr>\n<th style=\"width: 25%;\">2017<\/th>\n<td style=\"width: 25%;\">Artur Jaro\u0144<\/td>\n<td style=\"width: 25%;\">Redukcja amplitudy drga\u0144 pod\u0142o\u017ca gruntowego przy pogr\u0105\u017caniu grodzic za pomoc\u0105 ci\u015bnieniowego podp\u0142ukiwania wod\u0105<\/td>\n<td style=\"width: 25%;\">Ma\u0142gorzata Jastrz\u0119bska<\/td>\n<\/tr>\n<tr>\n<th style=\"width: 25%;\">2018<\/th>\n<td style=\"width: 25%;\">Kinga Witek<\/td>\n<td style=\"width: 25%;\">Analiza wp\u0142ywu zawarto\u015bci frakcji py\u0142owej i i\u0142owej na procesy zamarzania grunt\u00f3w drobnoziarnistych<\/td>\n<td style=\"width: 25%;\">Krzysztof Parylak<\/td>\n<\/tr>\n<tr>\n<th style=\"width: 25%;\">2019<\/th>\n<td style=\"width: 25%;\">Iwona Chmielewska<\/td>\n<td style=\"width: 25%;\">Wp\u0142yw technologii wykonania zawieszonej kolumny GEC na jej no\u015bno\u015b\u0107 i osiadanie<\/td>\n<td style=\"width: 25%;\">Zenon Szypcio<\/td>\n<\/tr>\n<tr>\n<th style=\"width: 25%;\">2020<\/th>\n<td style=\"width: 25%; text-align: center;\" colspan=\"3\">Nagrody nie przyznano<\/td>\n<\/tr>\n<tr>\n<th style=\"width: 25%;\">2021<\/th>\n<td style=\"width: 25%;\">Marek Kopras<\/td>\n<td style=\"width: 25%;\">Weryfikacja metod projektowania i oblicze\u0144 konstrukcji p\u0142yt obudowy wykop\u00f3w tymczasowych<\/td>\n<td style=\"width: 25%;\">Wies\u0142aw Buczkowski<\/td>\n<\/tr>\n<tr>\n<th style=\"width: 25%;\">2022<\/th>\n<td style=\"width: 25%;\">Konrad Walotek<\/td>\n<td style=\"width: 25%;\">Badania i analizy mieszanek drogowych zawieraj\u0105cych wybrane odpady antropogeniczne<\/td>\n<td style=\"width: 25%;\">Joanna Bz\u00f3wka<\/td>\n<\/tr>\n<tr>\n<th style=\"width: 25%;\">2023<\/th>\n<td style=\"width: 25%;\">Aleksander Siry<\/td>\n<td style=\"width: 25%;\">Ocena no\u015bno\u015bci pali przemieszczeniowych posadowionych w gruncie niespoistym na podstawie pomiar\u00f3w parametr\u00f3w wiercenia<\/td>\n<td style=\"width: 25%;\">Krzysztof Trojnar<\/td>\n<\/tr>\n<\/tbody>\n<\/table>\n<h3>Nagrody i wyr\u00f3\u017cnienia PKG dla autor\u00f3w najlepszych prac dyplomowych magisterskich z zakresu geotechniki<\/h3>\n<h4>Laureaci nagr\u00f3d<\/h4>\n<table style=\"border-collapse: collapse; width: 100%;\" border=\"1\">\n<tbody>\n<tr>\n<th style=\"width: 25%;\">Rok obrony pracy<\/th>\n<th style=\"width: 25%;\">Imi\u0119 i nazwisko laureata<\/th>\n<th style=\"width: 25%;\">Tytu\u0142 rozprawy doktorskiej<\/th>\n<th style=\"width: 25%;\">Imi\u0119 i nazwisko promotora pracy<\/th>\n<\/tr>\n<tr>\n<th style=\"width: 25%;\">2014<\/th>\n<td style=\"width: 25%;\">Maciej Kr\u00f3l<\/td>\n<td style=\"width: 25%;\">Oszacowanie bezpiecze\u0144stwa fundamentu bezpo\u015bredniego w oparciu o teori\u0119 zbior\u00f3w losowych (Politechnika Wroc\u0142awska)<\/td>\n<td style=\"width: 25%;\">Wojciech Pu\u0142a<\/td>\n<\/tr>\n<tr>\n<th style=\"width: 25%;\">2015<\/th>\n<td style=\"width: 25%;\">\u0141ukasz Pietralik<\/td>\n<td style=\"width: 25%;\">\u015aciana oporowa z gruntu zbrojonego zaprojektowana wed\u0142ug rekomendacji EBGEO (Politechnika Wroc\u0142awska)<\/td>\n<td style=\"width: 25%;\">W\u0142odzimierz Brz\u0105ka\u0142a<\/td>\n<\/tr>\n<tr>\n<th style=\"width: 25%;\">2016<\/th>\n<td style=\"width: 25%;\">Ma\u0142gorzata Kijanka<\/td>\n<td style=\"width: 25%;\">Badania laboratoryjne mieszanek gruntowo-gumowych pod k\u0105tem zastosowania w wibroizolacji. Geomechanical characterisation of soil-rubber mixtures for vibration isolation (Politechnika \u015al\u0105ska)<\/td>\n<td style=\"width: 25%;\">Magdalena Kowalska<\/td>\n<\/tr>\n<tr>\n<th style=\"width: 25%;\">2017<\/th>\n<td style=\"width: 25%;\">Damian Marcin Romaniak<\/td>\n<td style=\"width: 25%;\">Analiza niecki osiadania nad tunelami dr\u0105\u017conymi przy u\u017cyciu tarcz zmechanizowanych (Politechnika Warszawska)<\/td>\n<td style=\"width: 25%;\">Anna Siemi\u0144ska-Lewandowska<\/td>\n<\/tr>\n<tr>\n<th style=\"width: 25%;\">2018<\/th>\n<td style=\"width: 25%;\">Sylwester S\u0142awik<\/td>\n<td style=\"width: 25%;\">Numerical studies on KIM employing the Cavity Expansion Method (Politechnika Gda\u0144ska)<\/td>\n<td style=\"width: 25%;\">Lech Ba\u0142achowski<\/td>\n<\/tr>\n<tr>\n<th style=\"width: 25%;\">2019<\/th>\n<td style=\"width: 25%;\">Jakub Rainer<\/td>\n<td style=\"width: 25%;\">Analiza zmienno\u015bci warto\u015bci pomiarowych bada\u0144 CPTu w gruntach zwa\u0142owych (Politechnika Wroc\u0142awska)<\/td>\n<td style=\"width: 25%;\">Irena Bagi\u0144ska<\/td>\n<\/tr>\n<tr>\n<th style=\"width: 25%;\">2020<\/th>\n<td style=\"width: 25%;\">Dominik Rybka<\/td>\n<td style=\"width: 25%;\">Analiza wp\u0142ywu poziomych przes\u0142on przeciwfiltracyjnych na prac\u0119 \u015bciany szczelinowej (Politechnika Warszawska)<\/td>\n<td style=\"width: 25%;\">Monika Mitew-Czajewska<\/td>\n<\/tr>\n<tr>\n<th style=\"width: 25%;\">2021<\/th>\n<td style=\"width: 25%;\">Patrycja Dobrza\u0144ska<\/td>\n<td style=\"width: 25%;\">Modelowanie MES 3D fundament\u00f3w zespolonych (Politechnika Krakowska)<\/td>\n<td style=\"width: 25%;\">Andrzej Truty<\/td>\n<\/tr>\n<tr>\n<th style=\"width: 25%;\">2022<\/th>\n<td style=\"width: 25%;\">Szymon Sztabi\u0144ski<\/td>\n<td style=\"width: 25%;\">Wp\u0142yw zbrojenia rozproszonego na w\u0142a\u015bciwo\u015bci mechaniczne grunt\u00f3w<\/td>\n<td style=\"width: 25%;\">Katarzyna Zabielska-Adamska<\/td>\n<\/tr>\n<tr>\n<th style=\"width: 25%;\">2023<\/th>\n<td style=\"width: 25%;\">Klaudyna Karpik<\/td>\n<td style=\"width: 25%;\">Wp\u0142yw podziemnej eksploatacji g\u00f3rniczej na rurowy przepust drogowy<\/td>\n<td style=\"width: 25%;\">Barbara Kliszczewicz<\/td>\n<\/tr>\n<\/tbody>\n<\/table>\n<h4>Laureaci wyr\u00f3\u017cnie\u0144<\/h4>\n<table style=\"border-collapse: collapse; width: 100%;\" border=\"1\">\n<tbody>\n<tr style=\"height: 24px;\">\n<th style=\"width: 25%; height: 24px;\">Rok obrony pracy<\/th>\n<th style=\"width: 25%; height: 24px;\">Imi\u0119 i nazwisko laureata<\/th>\n<th style=\"width: 25%; height: 24px;\">Tytu\u0142 rozprawy doktorskiej<\/th>\n<th style=\"width: 25%; height: 24px;\">Imi\u0119 i nazwisko promotora pracy<\/th>\n<\/tr>\n<tr style=\"height: 72px;\">\n<th style=\"width: 25%; height: 96px;\" rowspan=\"2\">2014<\/th>\n<td style=\"width: 25%; height: 72px;\">Ma\u0142gorzata Feledyn<\/td>\n<td style=\"width: 25%; height: 72px;\">Projekt \u015bcian szczelinowych \u2013 analiza\/studium Szczeci\u0144skiego Szybkiego Tramwaju. Design of diaphragm walls \u2013 the analysis the Szczecin Fast Tram (Politechnika Pozna\u0144ska)<\/td>\n<td style=\"width: 25%; height: 72px;\">Andrzej Wojtasik<\/td>\n<\/tr>\n<tr style=\"height: 24px;\">\n<td style=\"width: 25%; height: 24px;\">Marcin \u0106wirko <span style=\"font-family: inherit; font-size: inherit;\">i Bartosz Piotrowicz<\/span><\/td>\n<td style=\"width: 25%; height: 24px;\">Analiza systemu OZE i sposobu jego posadowienia na terenie So\u015bnej G\u00f3ry w Miko\u0142owie (Politechnika \u015al\u0105ska)<\/td>\n<td style=\"width: 25%; height: 24px;\">Ma\u0142gorzata Jastrz\u0119bska<\/td>\n<\/tr>\n<tr style=\"height: 24px;\">\n<th style=\"width: 25%; height: 48px;\" rowspan=\"2\">2015<\/th>\n<td style=\"width: 25%; height: 24px;\">Maciej Zalewski<\/td>\n<td style=\"width: 25%; height: 24px;\">P\u0142ytka wymiana pod\u0142o\u017ca gruntowego (Politechnika Bia\u0142ostocka)<\/td>\n<td style=\"width: 25%; height: 24px;\">Katarzyna Zabielska-Adamska<\/td>\n<\/tr>\n<tr style=\"height: 24px;\">\n<td style=\"width: 25%; height: 24px;\">S\u0142awomir Ho\u0142da<\/td>\n<td style=\"width: 25%; height: 24px;\">Technologia, konstrukcja i obliczanie przej\u015b\u0107 poprzecznych w tunelach (Politechnika Gda\u0144ska)<\/td>\n<td style=\"width: 25%; height: 24px;\">Kazimierz Gwizda\u0142a<\/td>\n<\/tr>\n<tr style=\"height: 96px;\">\n<th style=\"width: 25%; height: 120px;\" rowspan=\"2\">2016<\/th>\n<td style=\"width: 25%; height: 96px;\">Robert Cygan<\/td>\n<td style=\"width: 25%; height: 96px;\">\n<p>Projektowanie mini<\/p>\n<p>i mikropali (Politechnika Gda\u0144ska)<\/td>\n<td style=\"width: 25%; height: 96px;\">Lech Ba\u0142achowski<\/td>\n<\/tr>\n<tr style=\"height: 24px;\">\n<td style=\"width: 25%; height: 24px;\">Mariola Konopko (Roszkowska)<\/td>\n<td style=\"width: 25%; height: 24px;\">Metoda georadarowa (GPR) do oceny pod\u0142o\u017ca gruntowego (Politechnika Bia\u0142ostocka)<\/td>\n<td style=\"width: 25%; height: 24px;\">Katarzyna Zabielska-Adamska<\/td>\n<\/tr>\n<tr style=\"height: 24px;\">\n<th style=\"width: 25%; height: 72px;\" rowspan=\"2\">2017<\/th>\n<td style=\"width: 25%; height: 24px;\">Oliwier Rychlik<\/td>\n<td style=\"width: 25%; height: 24px;\">Wp\u0142yw parametr\u00f3w geometrycznych i materia\u0142owych warstwy transmisyjnej oraz zbrojenia geosyntetycznego na efektywno\u015b\u0107 wzmocnienia pod\u0142o\u017ca gruntowego sztywnymi kolumnami (Politechnika Gda\u0144ska)<\/td>\n<td style=\"width: 25%; height: 24px;\">Adam Krasi\u0144ski<\/td>\n<\/tr>\n<tr style=\"height: 48px;\">\n<td style=\"width: 25%; height: 48px;\">Sebastian Saletnik<\/td>\n<td style=\"width: 25%; height: 48px;\">Badania wp\u0142ywu rodzaju cementu na wytrzyma\u0142o\u015b\u0107 tworzyw gruntowo-cementowych (Politechnika Wroc\u0142awska)<\/td>\n<td style=\"width: 25%; height: 48px;\">Jaros\u0142aw Rybak<\/td>\n<\/tr>\n<tr style=\"height: 24px;\">\n<th style=\"width: 25%; height: 24px;\">2018<\/th>\n<td style=\"width: 75%; height: 24px; text-align: center;\" colspan=\"3\">Wyr\u00f3\u017cnienia nie przyznano<\/td>\n<\/tr>\n<tr style=\"height: 24px;\">\n<th style=\"width: 25%; height: 24px;\">2019<\/th>\n<td style=\"width: 25%; height: 24px;\">Justyna Sulewska<\/td>\n<td style=\"width: 25%; height: 24px;\">Stateczno\u015b\u0107 konstrukcji sk\u0142adowisk odpad\u00f3w (Politechnika Bia\u0142ostocka)<\/td>\n<td style=\"width: 25%; height: 24px;\">Katarzyna Zabielska-Adamska<\/td>\n<\/tr>\n<tr style=\"height: 24px;\">\n<th style=\"width: 25%; height: 24px;\">2020<\/th>\n<td style=\"width: 25%; height: 24px;\">Nikola Dudek<\/td>\n<td style=\"width: 25%; height: 24px;\">Analiza pomiar\u00f3w ci\u015bnienia porowego w badaniach CPTu (Politechnika Wroc\u0142awska)<\/td>\n<td style=\"width: 25%; height: 24px;\">Irena Bagi\u0144ska<\/td>\n<\/tr>\n<tr style=\"height: 48px;\">\n<th style=\"width: 25%; height: 72px;\" rowspan=\"2\">2021<\/th>\n<td style=\"width: 25%; height: 48px;\">Miko\u0142aj Urbaniak<\/td>\n<td style=\"width: 25%; height: 48px;\">Ocena stateczno\u015bci i deformacji warstw okrywowych sk\u0142adowiska odpad\u00f3w w fazie zamkni\u0119cia i rekultywacji. Politechnika Wroc\u0142awska<\/td>\n<td style=\"width: 25%; height: 48px;\">Andrzej Batog<\/td>\n<\/tr>\n<tr style=\"height: 24px;\">\n<td style=\"width: 25%; height: 24px;\">Wojciech Margiciok<\/td>\n<td style=\"width: 25%; height: 24px;\">Wp\u0142yw po\u015blizgu zamka na przemieszczenia \u015bcianki szczelnej zabezpieczaj\u0105cej g\u0142\u0119boki wykop. Politechnika \u015al\u0105ska<\/td>\n<td style=\"width: 25%; height: 24px;\">S\u0142awomir Kwiecie\u0144<\/td>\n<\/tr>\n<tr style=\"height: 24px;\">\n<th style=\"width: 25%; height: 72px;\" rowspan=\"2\">2022<\/th>\n<td style=\"width: 25%; height: 24px;\">Bart\u0142omiej G\u0105ska<\/td>\n<td style=\"width: 25%; height: 24px;\">Analiza MES wzmocnienia pod\u0142o\u017ca gruntowego kolumnami betonowymi<\/td>\n<td style=\"width: 25%; height: 24px;\">Krzysztof Nepelski<\/td>\n<\/tr>\n<tr style=\"height: 24px;\">\n<td style=\"width: 25%; height: 24px;\">Robert Dziecielski<\/td>\n<td style=\"width: 25%; height: 24px;\">Przestrzenna zmienno\u015b\u0107 parametr\u00f3w geotechnicznych\u00a0 i jej wp\u0142yw na projektowanie kolumn CMC<\/td>\n<td style=\"width: 25%; height: 24px;\">Jakub Konkol<\/td>\n<\/tr>\n<tr style=\"height: 24px;\">\n<th style=\"width: 25%; height: 72px;\" rowspan=\"2\">2023<\/th>\n<td style=\"width: 25%; height: 24px;\">Artur Ciechanowicz<\/td>\n<td style=\"width: 25%; height: 24px;\">Wp\u0142yw bakterii na wytrzyma\u0142o\u015b\u0107<br \/>\nbiocementowanych grunt\u00f3w niespoistych<\/td>\n<td style=\"width: 25%; height: 24px;\">Witold Tisler<\/td>\n<\/tr>\n<tr style=\"height: 24px;\">\n<td style=\"width: 25%; height: 24px;\">Mateusz Domurad<\/td>\n<td style=\"width: 25%; height: 24px;\">Wyznaczanie no\u015bno\u015bci pali przemieszczeniowych na podstawie bada\u0144 polowych pod\u0142o\u017ca gruntowego (CPT oraz DMT) \u2013 opracowanie programu w j\u0119zyku Python<\/td>\n<td style=\"width: 25%; height: 24px;\">Witold Tisler<\/td>\n<\/tr>\n<\/tbody>\n<\/table>\n<h3>Nagrody Polskiego Komitetu Geotechniki za najlepsz\u0105 prac\u0119 magistersk\u0105 z zakresu bada\u0144 i zastosowa\u0144 geosyntetyk\u00f3w w in\u017cynierii geotechnicznej<\/h3>\n<h4>Kapitu\u0142a nagrody w kadencji 2021-2024:<\/h4>\n<ul>\n<li>Prof. Wojciech Pu\u0142a \u2013 przewodnicz\u0105cy<\/li>\n<li>dr in\u017c. Janusz Sobolewski \u2013 reprezentant Fundatora nagrody<\/li>\n<li>prof. Adam Krasi\u0144ski \u2013 przewodnicz\u0105cy Komisji ds. Nauczania Geotechniki<\/li>\n<li>dr in\u017c. Angelika Duszy\u0144ska<\/li>\n<\/ul>\n<h4>Laureaci nagrody<\/h4>\n<table style=\"border-collapse: collapse; width: 100%;\" border=\"1\">\n<tbody>\n<tr>\n<th style=\"width: 25%;\">Lata obrony prac<\/th>\n<th style=\"width: 25%;\">Imi\u0119 i nazwisko laureata<\/th>\n<th style=\"width: 25%;\">Tytu\u0142 rozprawy doktorskiej<\/th>\n<th style=\"width: 25%;\">Imi\u0119 i nazwisko promotora pracy<\/th>\n<\/tr>\n<tr>\n<th style=\"width: 25%;\">2016-2018<\/th>\n<td style=\"width: 25%;\">Oliwier Rychlik<\/td>\n<td style=\"width: 25%;\">Wp\u0142yw parametr\u00f3w geometrycznych i materia\u0142owych warstwy transmisyjnej oraz zbrojenia geosyntetycznego na efektywno\u015b\u0107 wzmocnienia pod\u0142o\u017ca gruntowego sztywnymi kolumnami (Politechnika Gda\u0144ska)<\/td>\n<td style=\"width: 25%;\">Adam Krasi\u0144ski<\/td>\n<\/tr>\n<tr>\n<th style=\"width: 25%;\">2018-2020<\/th>\n<td style=\"width: 25%; text-align: center;\" colspan=\"3\">Nagrody nie przyznano<\/td>\n<\/tr>\n<tr>\n<th style=\"width: 25%;\">2021-2023<\/th>\n<td style=\"width: 25%;\">Magdalena Gal<\/td>\n<td style=\"width: 25%;\">Ocena wp\u0142ywu uwzgl\u0119dnienia ekwiwalentnego odporu gruntu na si\u0142y i odkszta\u0142cenia zbrojenia warstwy transmisyjnej nad kolumnami<\/td>\n<td style=\"width: 25%;\">Zbigniew Lechowicz<\/td>\n<\/tr>\n<\/tbody>\n<\/table>\n<h3><\/h3>\n<h3>Regulaminy przyznawania nagr\u00f3d i wyr\u00f3\u017cnie\u0144<\/h3>\n<p><a href=\"https:\/\/www.geotechnika.org.pl\/wp-content\/uploads\/2022\/02\/Regulamin-nagrod-specjalnych-PKG-za-najlepsze-prace-doktorskie.pdf\" class=\"mtli_attachment mtli_pdf\">Regulamin nagr\u00f3d specjalnych PKG za najlepsze prace doktorskie<\/a><\/p>\n<p><a href=\"https:\/\/www.geotechnika.org.pl\/wp-content\/uploads\/2022\/02\/Regulamin-przyznawania-nagrod-i-wyroznien-PKG-dla-autorow-najlepszych-prac-dyplomowych-magisterskich-z-zakresu-geotechniki.pdf\" class=\"mtli_attachment mtli_pdf\">Regulamin przyznawania nagr\u00f3d i wyr\u00f3\u017cnie\u0144 PKG dla autor\u00f3w najlepszych prac dyplomowych magisterskich z zakresu geotechniki<\/a><\/p>\n<p><a href=\"https:\/\/www.geotechnika.org.pl\/wp-content\/uploads\/2022\/02\/Regulamin-nagrody-Polskiego-Komitetu-Geotechniki-za-najlepsza-prace-magisterska-z-zakresu-badan-i-zastosowan-geosyntetykow-w-inzynierii-geotechnicznej-1.pdf\" class=\"mtli_attachment mtli_pdf\">Regulamin nagrody Polskiego Komitetu Geotechniki za najlepsz\u0105 prac\u0119 magistersk\u0105 z zakresu bada\u0144 i zastosowa\u0144 geosyntetyk\u00f3w w in\u017cynierii geotechnicznej<\/a><\/p>\n","protected":false},"excerpt":{"rendered":"<p>Nagrody specjalne PKG za najlepsze prace doktorskie Nagroda specjalna PKG im. prof. Eugeniusza Dembickiego za najlepsz\u0105 prac\u0119 doktorsk\u0105 z zakresu geotechniki teoretycznej i stosowanej Kapitu\u0142a Nagrody w kadencji 2021-2024: Zbigniew Lechowicz \u2013 przewodnicz\u0105cy Lech Ba\u0142achowski \u2013 reprezentant Fundatora nagrody Wojciech Pu\u0142a Laureaci Nagrody Rok obrony pracy Imi\u0119 i nazwisko laureata Tytu\u0142 rozprawy doktorskiej Imi\u0119 i [&hellip;]<\/p>\n","protected":false},"author":1,"featured_media":0,"parent":0,"menu_order":5,"comment_status":"closed","ping_status":"closed","template":"","meta":{"footnotes":""},"class_list":["post-592","page","type-page","status-publish","hentry"],"_links":{"self":[{"href":"https:\/\/www.geotechnika.org.pl\/index.php?rest_route=\/wp\/v2\/pages\/592","targetHints":{"allow":["GET"]}}],"collection":[{"href":"https:\/\/www.geotechnika.org.pl\/index.php?rest_route=\/wp\/v2\/pages"}],"about":[{"href":"https:\/\/www.geotechnika.org.pl\/index.php?rest_route=\/wp\/v2\/types\/page"}],"author":[{"embeddable":true,"href":"https:\/\/www.geotechnika.org.pl\/index.php?rest_route=\/wp\/v2\/users\/1"}],"replies":[{"embeddable":true,"href":"https:\/\/www.geotechnika.org.pl\/index.php?rest_route=%2Fwp%2Fv2%2Fcomments&post=592"}],"version-history":[{"count":11,"href":"https:\/\/www.geotechnika.org.pl\/index.php?rest_route=\/wp\/v2\/pages\/592\/revisions"}],"predecessor-version":[{"id":1493,"href":"https:\/\/www.geotechnika.org.pl\/index.php?rest_route=\/wp\/v2\/pages\/592\/revisions\/1493"}],"wp:attachment":[{"href":"https:\/\/www.geotechnika.org.pl\/index.php?rest_route=%2Fwp%2Fv2%2Fmedia&parent=592"}],"curies":[{"name":"wp","href":"https:\/\/api.w.org\/{rel}","templated":true}]}}